{"id":71,"date":"2011-12-04T20:50:23","date_gmt":"2011-12-04T20:50:23","guid":{"rendered":"http:\/\/www.portaliceb.org.br\/wordpress\/?page_id=71"},"modified":"2012-04-09T18:59:46","modified_gmt":"2012-04-09T18:59:46","slug":"atividades-desenvolvidas","status":"publish","type":"page","link":"http:\/\/www.portaliceb.org.br\/wordpress\/?page_id=71","title":{"rendered":"Atividades Desenvolvidas"},"content":{"rendered":"<h1 style=\"text-align: left;\" align=\"center\"><strong>Vive-se o s\u00e9culo das rela\u00e7\u00f5es.<\/strong><\/h1>\n<p align=\"justify\">\nSeu maior desafio obriga ao homem a melhoria da qualidade de\u00a0<strong>conviv\u00eancia<\/strong>. \u00c9 preciso ampliar os limites de toler\u00e2ncia que v\u00eam diminuindo a passos largos no dia a dia das rela\u00e7\u00f5es entre indiv\u00edduos, povos e na\u00e7\u00f5es.<\/p>\n<p align=\"justify\">\n\u00c9 preciso mudar, transformar valores, exercer a capacidade de fazer escolhas. O homem est\u00e1 descobrindo que seu projeto de vida \u00e9 o desdobrar de sua consci\u00eancia para v\u00f4os mais altos, mais abrangentes; \u00e9 a busca, o resgate da \u00e9tica, da\u00a0<strong>\u00e9tica da diversidade<\/strong>, onde conviver com as diferen\u00e7as \u00e9 sua nova maneira de ser e estar no mundo. O homem precisa\u00a0<strong>ser<\/strong>\u00a0a mudan\u00e7a que deseja\u00a0<strong>ter<\/strong>\u00a0no mundo.<\/p>\n<p align=\"justify\">\nA\u00a0<strong>Doutrina Esp\u00edrita<\/strong>\u00a0traz o estudo e a discuss\u00e3o destas quest\u00f5es, provoca a reflex\u00e3o dos valores estabelecidos, convida ao aprendizado, \u00e0 reforma de comportamentos e condutas, e prop\u00f5e solu\u00e7\u00f5es no mais al\u00e9m.<\/p>\n<p align=\"justify\">\nO\u00a0<strong>ICEB<\/strong>\u00a0seguindo esta orienta\u00e7\u00e3o vem buscando o desenvolvimento do homem integral no desempenho de suas atribui\u00e7\u00f5es, atrav\u00e9s de:<\/p>\n<ul>\n<li>\n<h2><strong>Atividades Did\u00e1ticas<\/strong><\/h2>\n<\/li>\n<li>Instituto de Cultura Esp\u00edrita do Brasil desempenha suas atividades did\u00e1ticas aos s\u00e1bados.<\/li>\n<li>Na parte da manh\u00e3 s\u00e3o executados\u00a0<em>cursos b\u00e1sicos de Doutrina Esp\u00edrita<\/em>\u00a0e\u00a0<em>Mediunidade<\/em>, direcionados para principiantes e simpatizantes do espiritismo que desejam conhecer de forma mais efetiva as obras da codifica\u00e7\u00e3o. Simultaneamente ocorreram os cursos de\u00a0<em>Esperanto B\u00e1sico 1 e 2<\/em>, e o curso de\u00a0<em>Esperanto M\u00e9dio \u2013 Obras B\u00e1sicas<\/em>\u00a0da Codifica\u00e7\u00e3o. O\u00a0<em>Centro Internacional de Correspond\u00eancia em Esperanto<\/em>\u00a0deu prosseguimento as suas atividades iniciadas em 2004.<br \/>\nNa parte da tarde, no hor\u00e1rio de13h30min \u00e0s 14h30min realiza-se o estudo da\u00a0<em>Codifica\u00e7\u00e3o da Doutrina Esp\u00edrita<\/em>, da obra de\u00a0<em>Andr\u00e9 Luiz<\/em>, do\u00a0<em>Pensamento de Joanna de Angelis<\/em>. No hor\u00e1rio das 15h00min \u00e0s 17h00min, s\u00e3o ministradas disciplinas relacionadas \u00e0\u00a0<em>Doutrina Esp\u00edrita<\/em>,\u00a0<em>Filosofia Esp\u00edrita<\/em>,\u00a0<em>Ci\u00eancia Esp\u00edrita<\/em>\u00a0e\u00a0<em>Religi\u00e3o Esp\u00edrita<\/em>. No m\u00eas de julho o ICEB realiza semin\u00e1rios sobre\u00a0<em>T\u00f3picos da Fronteira do Conhecimento<\/em>, discutidos \u00e0 luz do Espiritismo.\u00a0<em>T\u00f3picos Especiais em Espiritismo<\/em>\u00a0s\u00e3o trabalhados no curso de ver\u00e3o ministrado aos s\u00e1bados, nos meses de janeiro e fevereiro.<\/li>\n<li>\n<h2><strong>Atividades de Divulga\u00e7\u00e3o em R\u00e1dio e TV<\/strong><\/h2>\n<\/li>\n<li>Como parte do esfor\u00e7o de divulga\u00e7\u00e3o dos princ\u00edpios doutrin\u00e1rios, o ICEB mant\u00e9m na R\u00e1dio Rio de Janeiro, AM, freq\u00fc\u00eancia 1400 kHz programas radiof\u00f4nicos, mantendo debates sobre temas contempor\u00e2neos de interesse geral, bem como divulgando atividades e eventos do Movimento Esp\u00edrita.<br \/>\n<table width=\"420\" border=\"0\" cellspacing=\"0\" cellpadding=\"0\" align=\"center\">\n<tbody>\n<tr>\n<td valign=\"top\" width=\"420\">\n<h4><strong>\u201cNotici\u00e1rio do ICEB\u201d<\/strong><\/h4>\n<\/td>\n<\/tr>\n<tr>\n<td valign=\"top\" width=\"420\">\n<h4><strong>\u201c<em>Pelos Caminhos da Educa\u00e7\u00e3o<\/em>\u201d<\/strong><\/h4>\n<\/td>\n<\/tr>\n<tr>\n<td valign=\"top\" width=\"420\">\n<h4><strong>\u201cCultura Esp\u00edrita\u201d<\/strong><\/h4>\n<\/td>\n<\/tr>\n<tr>\n<td valign=\"top\" width=\"420\">\n<h4><strong>\u201cEncontro com Jesus\u201d<\/strong><\/h4>\n<\/td>\n<\/tr>\n<tr>\n<td valign=\"top\" width=\"420\">\n<h4><strong>\u201cMusicoterapia e Espiritismo\u201d<\/strong><\/h4>\n<\/td>\n<\/tr>\n<tr>\n<td valign=\"top\" width=\"420\">\n<h4><strong>\u201cO Despertar de um Mundo Melhor\u201d<\/strong><\/h4>\n<\/td>\n<\/tr>\n<\/tbody>\n<\/table>\n<\/li>\n<li>\n<h2><strong>Centro de Mem\u00f3ria e Documenta\u00e7\u00e3o Antonio Lucena<\/strong><\/h2>\n<\/li>\n<li>ICEB fundou o Centro de Mem\u00f3ria e Documenta\u00e7\u00e3o Antonio Lucena com o objetivo de disponibilizar para o Movimento Esp\u00edrita documenta\u00e7\u00e3o rara sobre a hist\u00f3ria do Instituto assim como do pr\u00f3prio Movimento Esp\u00edrita. O projeto encontra-se em andamento e disp\u00f5e de documentos raros, documentos produzidos no Instituto e recebidos de v\u00e1rias fontes nas mais diversas m\u00eddias. O Centro \u00e9 formado por Audioteca, Videoteca, Centro de Mem\u00f3ria, Biblioteca Zilda Alvarenga, Fototeca. No futuro ser\u00e1 disponibilizado na Internet o\u00a0<strong><em>\u201cCentro de Mem\u00f3ria e Documenta\u00e7\u00e3o Esp\u00edrita Virtual\u201d<\/em><\/strong>, um servi\u00e7o a ser prestado pelo ICEB para todo o Movimento Esp\u00edrita.<\/li>\n<li>\n<h2><strong>ICEB Edi\u00e7\u00f5es<\/strong><\/h2>\n<\/li>\n<li>Instituto de Cultura Esp\u00edrita do Brasil em cumprimento a sua atribui\u00e7\u00e3o de divulgador da Doutrina Esp\u00edrita, edita livros esp\u00edritas atrav\u00e9s de sua editora\u00a0<strong>ICEB Edi\u00e7\u00f5es<\/strong>. No ano de 2009, participou da BIENAL DO LIVRO com os t\u00edtulos:<br \/>\n<table width=\"566\" border=\"0\" cellspacing=\"0\" cellpadding=\"0\" align=\"center\">\n<tbody>\n<tr>\n<td valign=\"top\" width=\"566\">\n<h4 align=\"center\"><strong>Lan\u00e7amento dos Livros Bienal 2009<\/strong><strong><\/strong><\/h4>\n<\/td>\n<\/tr>\n<tr>\n<td valign=\"top\" width=\"566\">\n<h4><strong>\u201c<em>Retalhos Psicol\u00f3gicos<\/em>\u201d- Jorge Andr\u00e9a<\/strong><strong><\/strong><\/h4>\n<\/td>\n<\/tr>\n<tr>\n<td valign=\"top\" width=\"566\">\n<h4><strong>\u201cOs Jesus que eu Conheci\u201d \u2013 Cesar Reis<\/strong><strong><\/strong><\/h4>\n<\/td>\n<\/tr>\n<tr>\n<td valign=\"top\" width=\"566\">\n<h4><strong>\u201c<em>Pelos Caminhos da Educa\u00e7\u00e3o vol 2\u201d \u2013 Nadja do Couto Valle<\/em><\/strong><strong><\/strong><\/h4>\n<\/td>\n<\/tr>\n<tr>\n<td valign=\"top\" width=\"566\">\n<h4><strong>\u201c<em>Reflex\u00f5es<\/em>\u201d \u2013 Nadja do Couto Vale<\/strong><strong><\/strong><\/h4>\n<\/td>\n<\/tr>\n<tr>\n<td valign=\"top\" width=\"566\">\n<h4><strong>\u201cEntre Flores e Espinhos\u201d \u2013 Telma Regina<\/strong><strong><\/strong><\/h4>\n<\/td>\n<\/tr>\n<\/tbody>\n<\/table>\n<\/li>\n<li>A atividade de divulga\u00e7\u00e3o da Doutrina Esp\u00edrita tamb\u00e9m \u00e9 executada atrav\u00e9s de seu projeto\u00a0<strong>Revista Cultura Esp\u00edrita<\/strong>com uma tiragem de 15.000 exemplares distribu\u00eddos mensalmente para todo o territ\u00f3rio nacional.<\/li>\n<li>\n<h2><strong>Atividades de Integra\u00e7\u00e3o<\/strong><\/h2>\n<\/li>\n<li>O ICEB realiza duas atividades anuais (uma por semestre) de integra\u00e7\u00e3o e difus\u00e3o da Doutrina Esp\u00edrita. Estas atividades podem ser: um Caf\u00e9 Liter\u00e1rio que conta com a presen\u00e7a de escritores esp\u00edritas, expositores do Instituto, com objetivo de debater com o p\u00fablico presente quest\u00f5es relativas \u00e0 sua produ\u00e7\u00e3o liter\u00e1ria; uma caravana esp\u00edrita com a visita \u00e0s Institui\u00e7\u00f5es<\/li>\n<li>\n<h2><strong>Oficina Esp\u00edrita de Ambienta\u00e7\u00e3o Musical<\/strong><\/h2>\n<\/li>\n<li>O princ\u00edpio norteador do trabalho \u00e9 oferecer recursos ao indiv\u00edduo que se interesse em utilizar a m\u00fasica como ve\u00edculo da a\u00e7\u00e3o evangelizadora, objetivando a sensibiliza\u00e7\u00e3o ao ideal crist\u00e3o e a conscientiza\u00e7\u00e3o \u00e0 luz da doutrina esp\u00edrita.<br \/>\nAs aulas acontecem aos s\u00e1bados pela manh\u00e3 e s\u00e3o divididas em tr\u00eas momentos:\u00a0<em>Teoria e Percep\u00e7\u00e3o,<\/em>\u00a0<em>Instrumento Musical<\/em>\u00a0e\u00a0<em>Estudo Doutrin\u00e1rio<\/em>. Este estudo \u00e9 dinamizado sob tr\u00eas formas que se alternam: Temas que envolvam a arte \u00e0 luz da Doutrina Esp\u00edrita; An\u00e1lise de Letras de M\u00fasicas do Movimento Esp\u00edrita e Aplica\u00e7\u00e3o de Viv\u00eancias que desenvolvem a sensibilidade e a criatividade.<\/p>\n<p><strong style=\"font-size: 29px; line-height: 43px;\">Outras Atividades<\/strong><span class=\"Apple-style-span\" style=\"color: #000000; font-size: 29px; line-height: 43px;\">:<\/span><\/li>\n<li>Reabertura do Centro Esp\u00edrita 18 de Abril (Em breve)<\/li>\n<li>Estatuto da OBEM (Em breve)<\/li>\n<\/ul>\n","protected":false},"excerpt":{"rendered":"<p>Vive-se o s\u00e9culo das rela\u00e7\u00f5es. Seu maior desafio obriga ao homem a melhoria da qualidade de\u00a0conviv\u00eancia. \u00c9 preciso ampliar os limites de toler\u00e2ncia que v\u00eam diminuindo a passos largos no dia a dia das rela\u00e7\u00f5es entre indiv\u00edduos, povos e na\u00e7\u00f5es. \u00c9 preciso mudar, transformar valores, exercer a capacidade de fazer escolhas. O homem est\u00e1 descobrindo [&hellip;]<\/p>\n","protected":false},"author":1,"featured_media":0,"parent":2,"menu_order":1,"comment_status":"closed","ping_status":"closed","template":"","meta":{"footnotes":""},"class_list":["post-71","page","type-page","status-publish","hentry"],"_links":{"self":[{"href":"http:\/\/www.portaliceb.org.br\/wordpress\/index.php?rest_route=\/wp\/v2\/pages\/71","targetHints":{"allow":["GET"]}}],"collection":[{"href":"http:\/\/www.portaliceb.org.br\/wordpress\/index.php?rest_route=\/wp\/v2\/pages"}],"about":[{"href":"http:\/\/www.portaliceb.org.br\/wordpress\/index.php?rest_route=\/wp\/v2\/types\/page"}],"author":[{"embeddable":true,"href":"http:\/\/www.portaliceb.org.br\/wordpress\/index.php?rest_route=\/wp\/v2\/users\/1"}],"replies":[{"embeddable":true,"href":"http:\/\/www.portaliceb.org.br\/wordpress\/index.php?rest_route=%2Fwp%2Fv2%2Fcomments&post=71"}],"version-history":[{"count":2,"href":"http:\/\/www.portaliceb.org.br\/wordpress\/index.php?rest_route=\/wp\/v2\/pages\/71\/revisions"}],"predecessor-version":[{"id":168,"href":"http:\/\/www.portaliceb.org.br\/wordpress\/index.php?rest_route=\/wp\/v2\/pages\/71\/revisions\/168"}],"up":[{"embeddable":true,"href":"http:\/\/www.portaliceb.org.br\/wordpress\/index.php?rest_route=\/wp\/v2\/pages\/2"}],"wp:attachment":[{"href":"http:\/\/www.portaliceb.org.br\/wordpress\/index.php?rest_route=%2Fwp%2Fv2%2Fmedia&parent=71"}],"curies":[{"name":"wp","href":"https:\/\/api.w.org\/{rel}","templated":true}]}}