{"id":17,"date":"2014-02-04T03:24:07","date_gmt":"2014-02-04T06:24:07","guid":{"rendered":"http:\/\/www.portaliceb.org.br\/wordpress\/?page_id=17"},"modified":"2016-07-04T22:17:48","modified_gmt":"2016-07-05T01:17:48","slug":"downloads","status":"publish","type":"page","link":"http:\/\/www.portaliceb.org.br\/wordpress\/?page_id=17","title":{"rendered":"Internet do Bem"},"content":{"rendered":"<p>:: INTERNET DO BEM &#8211; Programa\u00a0<strong>\u201cCultura Esp\u00edrita\u201d<\/strong>::<\/p>\n<p>Fa\u00e7a download das mensagens transmitidas no programa\u00a0<strong>\u201cCultura Esp\u00edrita\u201d<\/strong>, R\u00e1dio Rio de Janeiro, AM, freq\u00fc\u00eancia 1400 kHz.<\/p>\n<p>Em maio\/2016:<\/p>\n<p>Dia 04: <a href=\"http:\/\/www.portaliceb.org.br\/wordpress\/wp-content\/uploads\/2014\/02\/1-Aprender-a-Amar.pps\">Aprender a Amar<\/a><br \/>\nDia 11: <a href=\"http:\/\/www.portaliceb.org.br\/wordpress\/wp-content\/uploads\/2014\/02\/2-Mulher.pps\">Mulher<\/a><br \/>\nDia 18: <a href=\"http:\/\/www.portaliceb.org.br\/wordpress\/wp-content\/uploads\/2014\/02\/3-Mulheres-ao-deitar.pps\">Mulheres ao deitar<\/a><br \/>\nDia 25: <a href=\"http:\/\/www.portaliceb.org.br\/wordpress\/wp-content\/uploads\/2014\/02\/4-Reflex\u00f5es.pps\">Reflex\u00f5es<\/a><\/p>\n<p>Em abril\/2016:<\/p>\n<p>Dia 06: <a href=\"http:\/\/www.portaliceb.org.br\/wordpress\/wp-content\/uploads\/2014\/02\/1-A-cultura-do-Slow-Down.pps\">A cultura do Slow Down<\/a><br \/>\nDia 13: <a href=\"http:\/\/www.portaliceb.org.br\/wordpress\/wp-content\/uploads\/2014\/02\/2-Caminhar.pps\">Caminhar<\/a><br \/>\nDia 20: <a href=\"http:\/\/www.portaliceb.org.br\/wordpress\/wp-content\/uploads\/2014\/02\/3-Sa\u00fade-\u00e1gua.pps\">Sa\u00fade \u00e1gua<\/a><br \/>\nDia 27: <a href=\"http:\/\/www.portaliceb.org.br\/wordpress\/wp-content\/uploads\/2014\/02\/4-Tudo-mudou.pps\">Tudo mudou<\/a><\/p>\n<p>Em mar\u00e7o\/2016:<\/p>\n<p>Dia 02: <a href=\"http:\/\/www.portaliceb.org.br\/wordpress\/wp-content\/uploads\/2014\/02\/1-Frutas.pps\">Frutas<\/a><br \/>\nDia 09: <a href=\"http:\/\/www.portaliceb.org.br\/wordpress\/wp-content\/uploads\/2014\/02\/2-Idosos-ou-velhos.pps\">Idosos ou velhos<\/a><br \/>\nDia 16: <a href=\"http:\/\/www.portaliceb.org.br\/wordpress\/wp-content\/uploads\/2014\/02\/3-Intui\u00e7\u00e3o-e-inspira\u00e7\u00e3o.pps\">Intui\u00e7\u00e3o e inspira\u00e7\u00e3o<\/a><br \/>\nDia 23: <a href=\"http:\/\/www.portaliceb.org.br\/wordpress\/wp-content\/uploads\/2014\/02\/4-Os-dez-mandamentos-da-terceira-idade.pps\">Os dez mandamentos da terceira idade<\/a><br \/>\nDia 30: <a href=\"http:\/\/www.portaliceb.org.br\/wordpress\/wp-content\/uploads\/2014\/02\/5-Se-n\u00e3o-houver-amanh\u00e3.pps\">Se n\u00e3o houver amanh\u00e3<\/a><\/p>\n<p>Em fevereiro\/2016:<\/p>\n<p>Dia 03: <a href=\"http:\/\/www.portaliceb.org.br\/wordpress\/wp-content\/uploads\/2014\/02\/1-Crema\u00e7\u00e3o-no-Espiritismo.pps\">Crema\u00e7\u00e3o no Espiritismo<\/a><br \/>\nDia 10: <a href=\"http:\/\/www.portaliceb.org.br\/wordpress\/wp-content\/uploads\/2014\/02\/2-Cuida-do-teu-falar.pps\">Cuida do teu falar<\/a><br \/>\nDia 17: <a href=\"http:\/\/www.portaliceb.org.br\/wordpress\/wp-content\/uploads\/2014\/02\/3-Desempregado.pps\">Desempregado<\/a><br \/>\nDia 24: <a href=\"http:\/\/www.portaliceb.org.br\/wordpress\/wp-content\/uploads\/2014\/02\/4-Que-Deus-n\u00e3o-permita.pps\">Que Deus n\u00e3o permita<\/a><\/p>\n<p>Em janeiro\/2016:<\/p>\n<p>Dia 06: <a href=\"http:\/\/www.portaliceb.org.br\/wordpress\/wp-content\/uploads\/2014\/02\/1-Desapego.pps\">Desapego<\/a><br \/>\nDia 13: <a href=\"http:\/\/www.portaliceb.org.br\/wordpress\/wp-content\/uploads\/2014\/02\/2-Doutrina-Esprita-Papa-no-Brasil.pps\">Doutrina Esprita &#8211; Papa no Brasil<\/a><br \/>\nDia 20: <a href=\"http:\/\/www.portaliceb.org.br\/wordpress\/wp-content\/uploads\/2014\/02\/3-O-Bosque.pps\">O Bosque<\/a><br \/>\nDia 27: <a href=\"http:\/\/www.portaliceb.org.br\/wordpress\/wp-content\/uploads\/2014\/02\/4-Uma-Ora\u00e7\u00e3o-ao-Eterno.pps\">Uma Ora\u00e7\u00e3o ao Eterno<\/a><\/p>\n<p>Em novembro\/2015:<\/p>\n<p>Dia 04: <a href=\"http:\/\/www.portaliceb.org.br\/wordpress\/wp-content\/uploads\/2014\/02\/1-Aula-de-Mestre.pps\"> Aula de Mestre<\/a><br \/>\nDia 11: <a href=\"http:\/\/www.portaliceb.org.br\/wordpress\/wp-content\/uploads\/2014\/02\/2-Quantas-ra\u00e7as-h\u00e1-no-mundo.pps\">Quantas ra\u00e7as h\u00e1 no mundo<\/a><br \/>\nDia 18: <a href=\"http:\/\/www.portaliceb.org.br\/wordpress\/wp-content\/uploads\/2014\/02\/3-Vende-se-tudo.pps\">Vende-se tudo<\/a><br \/>\nDia 25: <a href=\"http:\/\/www.portaliceb.org.br\/wordpress\/wp-content\/uploads\/2014\/02\/4-Wabi-Sabi.pps\">Wabi-Sabi<\/a><\/p>\n<p>Em outubro\/2015:<\/p>\n<p>Dia 07: <a href=\"http:\/\/www.portaliceb.org.br\/wordpress\/wp-content\/uploads\/2014\/02\/1-Amor-Pr\u00f3prio-X-Amor-Ao-Pr\u00f3ximo.ppsx\">Amor Pr\u00f3prio X Amor Ao Pr\u00f3ximo<\/a><br \/>\nDia 14: <a href=\"http:\/\/www.portaliceb.org.br\/wordpress\/wp-content\/uploads\/2014\/02\/2-Av\u00f3s-s\u00e3o-o-m\u00e1ximo.pps\">Av\u00f3s s\u00e3o o m\u00e1ximo<\/a><br \/>\nDia 21: <a href=\"http:\/\/www.portaliceb.org.br\/wordpress\/wp-content\/uploads\/2014\/02\/3-E-se-a-vida-fosse-uma-estrada.pps\">E se a vida fosse uma estrada<\/a><br \/>\nDia 28: <a href=\"http:\/\/www.portaliceb.org.br\/wordpress\/wp-content\/uploads\/2014\/02\/4-Resista-um-pouco-mais.pps\">Resista um pouco mais<\/a><\/p>\n<p>Em maio\/2015:<\/p>\n<p>Dia 06: \u00a0<a href=\"http:\/\/www.portaliceb.org.br\/wordpress\/wp-content\/uploads\/2014\/02\/A-sabedoria-do-Tao.pps\">A sabedoria do Tao<\/a><br \/>\nDia 13: \u00a0<a href=\"http:\/\/www.portaliceb.org.br\/wordpress\/wp-content\/uploads\/2014\/02\/Amigos-s\u00e3o-estradas.pps\">Amigos s\u00e3o estradas<\/a><br \/>\nDia 20: \u00a0<a href=\"http:\/\/www.portaliceb.org.br\/wordpress\/wp-content\/uploads\/2014\/02\/Como-era-a-pessoa-de-Jesus-Cristo.pps\">Como era a pessoa de Jesus Cristo<\/a><br \/>\nDia 27: \u00a0<a href=\"http:\/\/www.portaliceb.org.br\/wordpress\/wp-content\/uploads\/2014\/02\/Ip\u00eas-do-Brasil.pps\">Ip\u00eas do Brasil<\/a><\/p>\n<p>Em abril\/2015:<\/p>\n<p>Dia 01: \u00a0<a href=\"http:\/\/www.portaliceb.org.br\/wordpress\/wp-content\/uploads\/2014\/02\/Casa-queimada.pps\">Casa queimada<\/a><br \/>\nDia 08: \u00a0<a href=\"http:\/\/www.portaliceb.org.br\/wordpress\/wp-content\/uploads\/2014\/02\/Como-voce-encara-seus-problemas.pps\">Como voc\u00ea encara seus problemas?<\/a><br \/>\nDia 15: \u00a0<a href=\"http:\/\/www.portaliceb.org.br\/wordpress\/wp-content\/uploads\/2014\/02\/Me-ajuda-a-olhar.pps\">Me ajuda a olhar<\/a><br \/>\nDia 22: \u00a0<a href=\"http:\/\/www.portaliceb.org.br\/wordpress\/wp-content\/uploads\/2014\/02\/Oi.pps\">Oi<\/a><br \/>\nDia 29:\u00a0<a href=\"http:\/\/www.portaliceb.org.br\/wordpress\/wp-content\/uploads\/2014\/02\/Software-para-sua-Vida.pps\">Software para sua Vida<\/a><\/p>\n<p>Em mar\u00e7o\/2015:<\/p>\n<p>Dia 04:\u00a0<a href=\"http:\/\/www.portaliceb.org.br\/wordpress\/wp-content\/uploads\/2014\/02\/A-sede.pps\">A sede<\/a><br \/>\nDia 11:\u00a0<a href=\"http:\/\/www.portaliceb.org.br\/wordpress\/wp-content\/uploads\/2014\/02\/Agradecer.pps\">Agradecer<\/a><br \/>\nDia 18:\u00a0<a href=\"http:\/\/www.portaliceb.org.br\/wordpress\/wp-content\/uploads\/2014\/02\/Limpando-gavetas.pps\">Limpando gavetas<\/a><br \/>\nDia 25:\u00a0<a title=\"Por onde anda minha alma\" href=\"http:\/\/www.clubedearte.org.br\/mala\/Por onde anda minha alma.pps\">Por onde anda minha alma?<\/a><\/p>\n<p>Em fevereiro\/2015:<\/p>\n<p>Dia 04:\u00a0<a href=\"http:\/\/www.portaliceb.org.br\/wordpress\/wp-content\/uploads\/2014\/02\/A-Piscina.pps\">A Piscina<\/a><br \/>\nDia 11: \u00a0<a href=\"http:\/\/www.portaliceb.org.br\/wordpress\/wp-content\/uploads\/2014\/02\/Chamo-me-Amor.pps\">Chamo-me Amor<\/a><br \/>\nDia 18:\u00a0<a href=\"http:\/\/www.portaliceb.org.br\/wordpress\/wp-content\/uploads\/2014\/02\/O-colar-de-turquesas-azuis.pps\">O colar de turquesas azuis<\/a><br \/>\nDia 25:\u00a0<a href=\"http:\/\/www.portaliceb.org.br\/wordpress\/wp-content\/uploads\/2014\/02\/TV-para-me-ver.pps\">TV para me ver<\/a><a href=\"http:\/\/www.portaliceb.org.br\/wordpress\/wp-content\/uploads\/2014\/02\/2801-A-rocha.pps\"><br \/>\n<\/a><\/p>\n<p>Em janeiro\/2015:<\/p>\n<p>Dia 07: \u00a0<a href=\"http:\/\/www.portaliceb.org.br\/wordpress\/wp-content\/uploads\/2014\/02\/0701-Alegoria-da-velhice.pps\">Alegoria da velhice<\/a><br \/>\nDia 14: \u00a0<a href=\"http:\/\/www.portaliceb.org.br\/wordpress\/wp-content\/uploads\/2014\/02\/1401-A-alma-do-mundo.pps\">A alma do mundo<\/a><br \/>\nDia 21:\u00a0<a href=\"http:\/\/www.portaliceb.org.br\/wordpress\/wp-content\/uploads\/2014\/02\/2101-A-historia-de-Pepe.pps\">A historia de Pepe<\/a><br \/>\nDia 28:\u00a0<a href=\"http:\/\/www.portaliceb.org.br\/wordpress\/wp-content\/uploads\/2014\/02\/2801-A-rocha.pps\">A rocha<\/a><\/p>\n<p>Em dezembro\/2014:<\/p>\n<p>Dia 03: \u00a0<a href=\"http:\/\/www.portaliceb.org.br\/wordpress\/wp-content\/uploads\/2014\/02\/0312-N\u00e3o-te-esque\u00e7as.pps\">N\u00e3o te esque\u00e7as<\/a><br \/>\nDia 10: \u00a0<a href=\"http:\/\/www.portaliceb.org.br\/wordpress\/wp-content\/uploads\/2014\/02\/1012-Sinto-dizer.pps\">Sinto dizer<\/a><br \/>\nDia 17: \u00a0<a href=\"http:\/\/www.portaliceb.org.br\/wordpress\/wp-content\/uploads\/2014\/02\/1712-Sobre-estar-sozinho.pps\">Sobre estar sozinho<\/a><br \/>\nDia 24: <a href=\"http:\/\/www.portaliceb.org.br\/wordpress\/wp-content\/uploads\/2014\/02\/2412-Um-peda\u00e7o.pps\">Um peda\u00e7o<\/a><br \/>\nDia 31: \u00a0<a href=\"http:\/\/www.portaliceb.org.br\/wordpress\/wp-content\/uploads\/2014\/02\/3112-Vista-cansada.pps\">Vista cansada<\/a><\/p>\n<p>Em novembro\/2014:<\/p>\n<p>Dia 05: \u00a0<a href=\"http:\/\/www.portaliceb.org.br\/wordpress\/wp-content\/uploads\/2014\/02\/A-Samambaia-e-o-Bambu.pps\">A Samambaia e o Bambu<\/a><br \/>\nDia 12: \u00a0<a href=\"http:\/\/www.portaliceb.org.br\/wordpress\/wp-content\/uploads\/2014\/02\/Os-visitantes-de-Alcione.pps\">Os visitantes de Alcione<\/a><br \/>\nDia 19: \u00a0<a href=\"http:\/\/www.portaliceb.org.br\/wordpress\/wp-content\/uploads\/2014\/02\/Se-amar-fosse-facil.pps\">Se amar fosse facil<\/a><br \/>\nDia 26: \u00a0<a href=\"http:\/\/www.portaliceb.org.br\/wordpress\/wp-content\/uploads\/2014\/02\/Pir\u00e2mides.pps\">Pir\u00e2mides<\/a><\/p>\n<p>Em outubro\/2014:<\/p>\n<p>Dia 01: \u00a0<a href=\"http:\/\/www.portaliceb.org.br\/wordpress\/wp-content\/uploads\/2014\/02\/A-Hora.pps\">A Hora<\/a><br \/>\nDia 08: \u00a0<a href=\"http:\/\/www.portaliceb.org.br\/wordpress\/wp-content\/uploads\/2014\/02\/Apenas-passe-adiante.pps\">Apenas passe adiante<\/a><br \/>\nDia 15: \u00a0<a href=\"http:\/\/www.portaliceb.org.br\/wordpress\/wp-content\/uploads\/2014\/02\/Caminhando-sobre-o-mar.pps\">Caminhando sobre o mar<\/a><br \/>\nDia 22: \u00a0<a href=\"http:\/\/www.portaliceb.org.br\/wordpress\/wp-content\/uploads\/2014\/02\/Filosofia-para-a-Velhice.pps\">Filosofia para a Velhice<\/a><br \/>\nDia 29: \u00a0<a href=\"http:\/\/www.portaliceb.org.br\/wordpress\/wp-content\/uploads\/2014\/02\/Insubstituivel.pps\">Insubstituivel<\/a><\/p>\n<p>Em setembro\/2014:<\/p>\n<p>Dia 03: \u00a0<a href=\"http:\/\/www.portaliceb.org.br\/wordpress\/wp-content\/uploads\/2014\/02\/Alta-Costura.pps\">Alta Costura<br \/>\n<\/a>Dia 10: \u00a0<a href=\"http:\/\/www.portaliceb.org.br\/wordpress\/wp-content\/uploads\/2014\/02\/NAVEGAR-Fenando-Pessoa.pps\">Navegar<\/a><br \/>\nDia 17: \u00a0<a href=\"http:\/\/www.portaliceb.org.br\/wordpress\/wp-content\/uploads\/2014\/02\/Ondas-de-Luz.pps\">Ondas de Luz<\/a><br \/>\nDia 24:\u00a0<a href=\"http:\/\/www.portaliceb.org.br\/wordpress\/wp-content\/uploads\/2014\/02\/Palavras.pps\">Palavras<\/a><\/p>\n<p>Em agosto\/2014:<\/p>\n<p>Dia 07: \u00a0<a href=\"http:\/\/www.portaliceb.org.br\/wordpress\/wp-content\/uploads\/2014\/02\/ceu_e_inferno_intimos.pps\">O c\u00e9u e o inferno<\/a><br \/>\nDia 14: \u00a0<a href=\"http:\/\/www.portaliceb.org.br\/wordpress\/wp-content\/uploads\/2014\/02\/Crystal-Ann-Albers-Nova-Realidade.pps\">Nova Realidade<\/a><br \/>\nDia 21: \u00a0<a href=\"http:\/\/www.portaliceb.org.br\/wordpress\/wp-content\/uploads\/2014\/02\/FoiDeus.pps\">Foi Deus<\/a><br \/>\nDia 28: \u00a0<a href=\"http:\/\/www.portaliceb.org.br\/wordpress\/wp-content\/uploads\/2014\/02\/O-DIA-DE-HOJE.pps\">O dia de hoje<\/a><\/p>\n<p>Em julho\/2014:<\/p>\n<p>Dia 03: \u00a0\u00a0<a href=\"http:\/\/www.portaliceb.org.br\/wordpress\/wp-content\/uploads\/2014\/02\/A_Grande_Viagem_do_Espirito.pps\">A_Grande_Viagem_do_Espirito<\/a><br \/>\n<span style=\"color: #333333;\">Dia 10: \u00a0\u00a0<a href=\"http:\/\/www.portaliceb.org.br\/wordpress\/wp-content\/uploads\/2014\/02\/Cria\u00e7\u00e3o-ou-Coincidencia-biol\u00f3gica.pps\">Cria\u00e7\u00e3o ou Coincidencia biol\u00f3gica<\/a><\/span><br \/>\n<span style=\"color: #333333;\">Dia 17: \u00a0\u00a0<a href=\"http:\/\/www.portaliceb.org.br\/wordpress\/wp-content\/uploads\/2014\/02\/A-t\u00e1bua-com-pregos.pps\">A t\u00e1bua com pregos<\/a><\/span><br \/>\n<span style=\"color: #333333;\">Dia 24: \u00a0\u00a0<a href=\"http:\/\/www.portaliceb.org.br\/wordpress\/wp-content\/uploads\/2014\/02\/a_visita.pps\">A visita<\/a><\/span><br \/>\n<span style=\"color: #333333;\">Dia 31: \u00a0\u00a0<\/span><a href=\"http:\/\/www.portaliceb.org.br\/wordpress\/wp-content\/uploads\/2014\/02\/Hooponopono.pps\">Ho&#8217;oponopono<\/a><\/p>\n<p>Em junho\/2014:<\/p>\n<p>04\/06:\u00a0\u00a0\u00a0<a href=\"http:\/\/www.portaliceb.org.br\/wordpress\/wp-content\/uploads\/2014\/02\/AQUECIMENTO-GLOBAL.pps.ppsx\">Aquecimento Global<\/a><a href=\"http:\/\/www.portaliceb.org.br\/wordpress\/wp-content\/uploads\/2014\/02\/Livro.de.Capa.Preta.pps\"><br \/>\n<\/a>11\/06: \u00a0\u00a0<a href=\"http:\/\/www.portaliceb.org.br\/wordpress\/wp-content\/uploads\/2014\/02\/Chico-e-Bezerra.pps\">Chico e Bezerra<\/a><a href=\"http:\/\/www.portaliceb.org.br\/wordpress\/wp-content\/uploads\/2014\/02\/O OUTONO DA VIDA.pps\"><br \/>\n<\/a>18\/06: \u00a0<a href=\"http:\/\/www.portaliceb.org.br\/wordpress\/wp-content\/uploads\/2014\/02\/Cura-real.pps\">Cura real<\/a><a href=\"http:\/\/www.portaliceb.org.br\/wordpress\/wp-content\/uploads\/2014\/02\/O QUE \u00c9 VIRTUAL.pps\"><br \/>\n<\/a>25\/06: \u00a0<a href=\"http:\/\/www.portaliceb.org.br\/wordpress\/wp-content\/uploads\/2014\/02\/Despedida-Uma-pequena-maravilha.pps\">Despedida &#8211; Uma pequena maravilha<\/a>\u00a0<a href=\"http:\/\/www.portaliceb.org.br\/wordpress\/wp-content\/uploads\/2014\/02\/PalcoDaVida-FernandoPessoa.pps\"><br \/>\n<\/a><\/p>\n<p>Em maio\/2014:<\/p>\n<p>07\/05:\u00a0<a href=\"http:\/\/www.portaliceb.org.br\/wordpress\/wp-content\/uploads\/2014\/02\/Livro.de_.Capa_.Preta_.pps\">Livro de Capa Preta<\/a><a href=\"http:\/\/www.portaliceb.org.br\/wordpress\/wp-content\/uploads\/2014\/02\/Livro.de.Capa.Preta.pps\"><br \/>\n<\/a>14\/05:\u00a0<a href=\"http:\/\/www.portaliceb.org.br\/wordpress\/wp-content\/uploads\/2014\/02\/O-OUTONO-DA-VIDA.pps\">O outono da vida<\/a><a href=\"http:\/\/www.portaliceb.org.br\/wordpress\/wp-content\/uploads\/2014\/02\/O OUTONO DA VIDA.pps\"><br \/>\n<\/a>21\/05:\u00a0<a href=\"http:\/\/www.portaliceb.org.br\/wordpress\/wp-content\/uploads\/2014\/02\/O-QUE-\u00c9-VIRTUAL.ppt\">O que \u00e9 virtual?<\/a><a href=\"http:\/\/www.portaliceb.org.br\/wordpress\/wp-content\/uploads\/2014\/02\/O QUE \u00c9 VIRTUAL.pps\"><br \/>\n<\/a>28\/05:\u00a0<a href=\"http:\/\/www.portaliceb.org.br\/wordpress\/wp-content\/uploads\/2014\/02\/PalcoDaVida-FernandoPessoa.pps\">Palco da Vida<\/a><\/p>\n<p>Em abril\/2014:<\/p>\n<p>02\/04:\u00a0<a href=\"http:\/\/www.portaliceb.org.br\/wordpress\/wp-content\/uploads\/2014\/02\/CAUSA-E-EFEITO.pps\">Causa e efeito<br \/>\n<\/a>09\/04:\u00a0<a href=\"http:\/\/www.portaliceb.org.br\/wordpress\/wp-content\/uploads\/2014\/02\/REI-LEAO.pps\">Rei Le\u00e3o<br \/>\n<\/a>16\/04:\u00a0<a href=\"http:\/\/www.portaliceb.org.br\/wordpress\/wp-content\/uploads\/2014\/02\/ENTRE-O-EGO-E-A-ALMA-Silvia_Schmidt.pps\">Entre o Ego e a Alma<br \/>\n<\/a>23\/04:\u00a0<a href=\"http:\/\/www.portaliceb.org.br\/wordpress\/wp-content\/uploads\/2014\/02\/A-PASCOA-EST\u00c1-CHEGANDO.PPS-BY-RUTH.pps\">A P\u00e1scoa est\u00e1 chegando<br \/>\n<\/a>30\/04:\u00a0<a href=\"http:\/\/www.portaliceb.org.br\/wordpress\/wp-content\/uploads\/2014\/02\/FELICIDADE.pps\">Felicidade<\/a><\/p>\n<p>Em mar\u00e7o\/2014:<\/p>\n<p>05\/03:\u00a0<a href=\"http:\/\/www.portaliceb.org.br\/wordpress\/wp-content\/uploads\/2014\/02\/A-verdadeira-humildade.pps\">A verdadeira<\/a>\u00a0<a href=\"http:\/\/www.portaliceb.org.br\/wordpress\/wp-content\/uploads\/2014\/02\/A-verdadeira-humildade.pps\">Humildade<br \/>\n<\/a>12\/03:\u00a0<a href=\"http:\/\/www.portaliceb.org.br\/wordpress\/wp-content\/uploads\/2014\/02\/+ETERNIDADE.pps\">Eternidade<br \/>\n<\/a>19\/03: <a href=\"http:\/\/www.portaliceb.org.br\/wordpress\/wp-content\/uploads\/2014\/02\/Almas-Perfumadas.pps\">Almas Perfumadas<br \/>\n<\/a>26\/03: <a href=\"http:\/\/www.portaliceb.org.br\/wordpress\/wp-content\/uploads\/2014\/02\/De-tudo-Um-Pouco.pps\">De tudo, um pouco<\/a><\/p>\n<p>Em fevereiro\/2014:<\/p>\n<p>05\/02: <a href=\"http:\/\/www.portaliceb.org.br\/wordpress\/wp-content\/uploads\/2011\/12\/A_frase_do_rei.pps\">A_frase_do_rei<\/a><br \/>\n12\/02: <a href=\"http:\/\/www.portaliceb.org.br\/wordpress\/wp-content\/uploads\/2011\/12\/A-Velha-Rabugenta.pps\">A Velha Rabugenta<\/a><br \/>\n19\/02: <a href=\"http:\/\/www.portaliceb.org.br\/wordpress\/wp-content\/uploads\/2011\/12\/Acordar.pps\">Acordar<\/a><br \/>\n26\/02: <a href=\"http:\/\/www.portaliceb.org.br\/wordpress\/wp-content\/uploads\/2011\/12\/ACREDITO.pps\">ACREDITO<br \/>\n<\/a><\/p>\n<p>Em janeiro\/2014:<\/p>\n<p>01\/01: <a href=\"http:\/\/www.portaliceb.org.br\/wordpress\/wp-content\/uploads\/2011\/12\/A-GRANDEZA-DE-DEUS.pps\">A grandeza de Deus<br \/>\n<\/a>08\/01: <a href=\"http:\/\/www.portaliceb.org.br\/wordpress\/wp-content\/uploads\/2011\/12\/O-Pedreiro.pps\">O Pedreiro<\/a><br \/>\n15\/01: <a href=\"http:\/\/www.portaliceb.org.br\/wordpress\/wp-content\/uploads\/2011\/12\/OlharesOlhares.pps\">Olhares&amp;Olhares<\/a><br \/>\n22\/01: <a href=\"http:\/\/www.portaliceb.org.br\/wordpress\/wp-content\/uploads\/2011\/12\/Pelo_que_vale_a_pena_viver.pps\">Pelo_que_vale_a_pena_viver<\/a><br \/>\n29\/01: <a href=\"http:\/\/www.portaliceb.org.br\/wordpress\/wp-content\/uploads\/2011\/12\/SOMOS-TODOS-UM.ppt\">Somos todos um<\/a><\/p>\n<p>&nbsp;<\/p>\n<p><em>Anos anteriores<\/em><\/p>\n<p>Em dezembro\/2013:<\/p>\n<p><a href=\"http:\/\/www.portaliceb.org.br\/wordpress\/wp-content\/uploads\/2011\/12\/COMECE-DE-NOVO-Sharon-Taphorn.pps\">Comece de novo- Sharon Taphorn<br \/>\n<\/a><a href=\"http:\/\/www.portaliceb.org.br\/wordpress\/wp-content\/uploads\/2011\/12\/Quero-ver.1.pps\">Quero ver voc\u00ea n\u00e3o chorar<br \/>\n<\/a><a href=\"http:\/\/www.portaliceb.org.br\/wordpress\/wp-content\/uploads\/2011\/12\/MINHA_ORACAO_NO_FINAL_DO_ANO_SOM.pps\">Minha ora\u00e7\u00e3o no final do ano<br \/>\n<\/a><a href=\"http:\/\/www.portaliceb.org.br\/wordpress\/wp-content\/uploads\/2011\/12\/paradigmas.pps\">Paradigmas<\/a><\/p>\n<p>Em novembro\/2013:<\/p>\n<p><a href=\"http:\/\/www.portaliceb.org.br\/wordpress\/wp-content\/uploads\/2011\/12\/Decepcoes-Raul-Teixeira.pps\">Decepcoes (Raul Teixeira)<\/a> <a href=\"http:\/\/www.portaliceb.org.br\/wordpress\/wp-content\/uploads\/2011\/12\/UMA-S\u00d3LIDA-AMIZADE.pps\"><br \/>\n<\/a><a href=\"http:\/\/www.portaliceb.org.br\/wordpress\/wp-content\/uploads\/2011\/12\/proibido.pps\">Proibido<br \/>\n<\/a><a href=\"http:\/\/www.portaliceb.org.br\/wordpress\/wp-content\/uploads\/2011\/12\/UMA-S\u00d3LIDA-AMIZADE.pps\">Uma s\u00f3lida amizade\u00a0<\/a><\/p>\n<p>Em outubro\/2013:<\/p>\n<p><a href=\"http:\/\/www.portaliceb.org.br\/wordpress\/wp-content\/uploads\/2011\/12\/Frases_ac.pps\">Frases<br \/>\n<\/a><a href=\"http:\/\/www.portaliceb.org.br\/wordpress\/wp-content\/uploads\/2011\/12\/Luzes.pps\">Luzes<br \/>\n<\/a><a href=\"http:\/\/www.portaliceb.org.br\/wordpress\/wp-content\/uploads\/2011\/12\/Momentos-Magicos.pps\">Momentos M\u00e1gicos<br \/>\n<\/a><a href=\"http:\/\/www.portaliceb.org.br\/wordpress\/wp-content\/uploads\/2011\/12\/Os-Votos.pps\">Os Votos<\/a><\/p>\n<p>Em Setembro\/2013:<\/p>\n<p><span style=\"font-family: Arial; font-size: small;\"><a href=\"http:\/\/www.portaliceb.org.br\/wordpress\/wp-content\/uploads\/2011\/12\/A-vida-na-terra.pps\">A Vida na Terra<br \/>\n<\/a><\/span><span style=\"font-family: Arial; font-size: small;\"><a href=\"http:\/\/www.portaliceb.org.br\/wordpress\/wp-content\/uploads\/2011\/12\/Estrategias_comsom_.pps\">Estrat\u00e9gias<br \/>\n<\/a><\/span><span style=\"font-family: Arial; font-size: small;\"><a href=\"http:\/\/www.portaliceb.org.br\/wordpress\/wp-content\/uploads\/2011\/12\/Fenomenal3.pps\">Fenomenal<br \/>\n<\/a><\/span><span style=\"font-family: Arial; font-size: small;\"><a href=\"http:\/\/www.portaliceb.org.br\/wordpress\/wp-content\/uploads\/2011\/12\/O-Poder-do-Pensamento.pps\">O Poder do Pensamento<\/a><\/span><\/p>\n<p>Em Agosto\/2013:<\/p>\n<p><a href=\"http:\/\/www.portaliceb.org.br\/wordpress\/wp-content\/uploads\/2011\/12\/ceu_e_inferno_intimos.pps\">C\u00c9U E INFERNO<br \/>\n<\/a><a href=\"http:\/\/www.portaliceb.org.br\/wordpress\/wp-content\/uploads\/2011\/12\/Crystal-Ann-Albers-Nova-Realidade.pps\">NOVA REALIDADE<br \/>\n<\/a><a href=\"http:\/\/www.portaliceb.org.br\/wordpress\/wp-content\/uploads\/2011\/12\/O-DIA-DE-HOJE.pps\">O DIA DE HOJE<br \/>\n<\/a><a href=\"http:\/\/www.portaliceb.org.br\/wordpress\/wp-content\/uploads\/2011\/12\/FoiDeus.pps\">FOI DEUS<\/a><\/p>\n<p>Em Julho\/2013:<\/p>\n<p><a href=\"http:\/\/www.portaliceb.org.br\/wordpress\/wp-content\/uploads\/2013\/07\/A_Grande_Viagem_do_Espirito.pps\">A_Grande_Viagem_do_Espirito<\/a><br \/>\n<a href=\"http:\/\/www.portaliceb.org.br\/wordpress\/wp-content\/uploads\/2013\/07\/Cria\u00e7\u00e3o-ou-Coincidencia-biol\u00f3gica.pps\">Cria\u00e7\u00e3o ou Coincidencia biol\u00f3gica<\/a><br \/>\n<a href=\"http:\/\/www.portaliceb.org.br\/wordpress\/wp-content\/uploads\/2013\/07\/A-t\u00e1bua-com-pregos.pps\">A t\u00e1bua com pregos<\/a><br \/>\n<a href=\"http:\/\/www.portaliceb.org.br\/wordpress\/wp-content\/uploads\/2013\/07\/a_visita.pps\">a_visita<\/a><br \/>\n<a href=\"http:\/\/www.portaliceb.org.br\/wordpress\/wp-content\/uploads\/2013\/07\/Hooponopono.pps\">Ho&#8217;oponopono<\/a><\/p>\n<p>Em Junho\/2013:<\/p>\n<p><a href=\"http:\/\/www.portaliceb.org.br\/wordpress\/wp-content\/uploads\/2013\/07\/Aprendendo-com-a-natureza.pps\">Aprendendo com a natureza<br \/>\n<\/a><a href=\"http:\/\/www.portaliceb.org.br\/wordpress\/wp-content\/uploads\/2013\/07\/HUBBLE-Espetacular.pps\">HUBBLE &#8211; Espetacular<br \/>\n<\/a><a href=\"http:\/\/www.portaliceb.org.br\/wordpress\/wp-content\/uploads\/2013\/07\/Crystal-Volta.pps\">Crystal &#8211; Volta<br \/>\n<\/a><a href=\"http:\/\/www.portaliceb.org.br\/wordpress\/wp-content\/uploads\/2013\/07\/S\u00daPLICA.pps\">S\u00daPLICA!!!<\/a><\/p>\n<p>Em Maio\/2013:<\/p>\n<p><span style=\"font-family: Arial; font-size: small;\"><a href=\"http:\/\/www.portaliceb.org.br\/wordpress\/wp-content\/uploads\/2011\/12\/BOLSA_DE_AGUA_QUENTE.pps\">Bolsa de \u00c1gua quente<br \/>\n<\/a><\/span><a href=\"http:\/\/www.portaliceb.org.br\/wordpress\/wp-content\/uploads\/2011\/12\/beleza_invisivel.pps\">Beleza_Invisivel<br \/>\n<\/a><a href=\"http:\/\/www.portaliceb.org.br\/wordpress\/wp-content\/uploads\/2011\/12\/A-CAMINHO-DA-LUZ.pps\">A Caminho da Luz<br \/>\n<\/a><a href=\"http:\/\/www.portaliceb.org.br\/wordpress\/wp-content\/uploads\/2011\/12\/A_Li\u00e7\u00e3o_do_Fogo.pps\">A_Li\u00e7\u00e3o_do_Fogo<br \/>\n<\/a><a href=\"http:\/\/www.portaliceb.org.br\/wordpress\/wp-content\/uploads\/2011\/12\/OFilho.pps\">O Filho<\/a><\/p>\n<p>Em Abril\/2013:<\/p>\n<p><a href=\"http:\/\/www.portaliceb.org.br\/wordpress\/wp-content\/uploads\/2011\/12\/A-Opcao-da-Simplicidade.pps\">A Opcao da Simplicidade<br \/>\n<\/a><a href=\"http:\/\/www.portaliceb.org.br\/wordpress\/wp-content\/uploads\/2011\/12\/ILUSAO_E_REFLEXO.pps\">ILUSAO_E_REFLEXO<br \/>\n<\/a><a href=\"http:\/\/www.portaliceb.org.br\/wordpress\/wp-content\/uploads\/2011\/12\/Mestre-ensine._-261011.pps\">Mestre ensine._ 261011<br \/>\n<\/a><a href=\"http:\/\/www.portaliceb.org.br\/wordpress\/wp-content\/uploads\/2011\/12\/O-CORPO-FALA-Ysaac.pps\">O corpo fala! (Ysaac)<\/a><\/p>\n<p>Em Mar\u00e7o\/2013:<\/p>\n<p><a href=\"http:\/\/www.portaliceb.org.br\/wordpress\/wp-content\/uploads\/2011\/12\/POR-QUE_AS_PESSOAS_GRITAM.pps\">Por que as pessoas gritam<br \/>\n<\/a><a href=\"http:\/\/www.portaliceb.org.br\/wordpress\/wp-content\/uploads\/2011\/12\/Eternidaderos110511.pps\">Eternidaderos<br \/>\n<\/a><a href=\"http:\/\/www.portaliceb.org.br\/wordpress\/wp-content\/uploads\/2011\/12\/cuidados.pps\">Cuiidados<br \/>\n<\/a><a href=\"http:\/\/www.portaliceb.org.br\/wordpress\/wp-content\/uploads\/2011\/12\/AL\u00c9M-DA-MORTE.pps\">Al\u00e9m da Morte<br \/>\n<\/a><a href=\"http:\/\/www.portaliceb.org.br\/wordpress\/wp-content\/uploads\/2011\/12\/Carnaval-Na-Vis\u00e3o-Esp\u00edrita.pps\">Carnaval Na Vis\u00e3o Esp\u00edrita<\/a><\/p>\n<p>Em Fevereiro\/2013:<\/p>\n<p><a href=\"http:\/\/www.portaliceb.org.br\/wordpress\/wp-content\/uploads\/2011\/12\/Eu-o-menino-e-o-cachorro.pps\">Eu o menino e o cachorro \u00a0&#8211; 05 FEV<br \/>\n<\/a><span style=\"font-family: Arial; font-size: small;\"><a href=\"http:\/\/www.portaliceb.org.br\/wordpress\/wp-content\/uploads\/2011\/12\/Os_Essenios.pps\">Os Ess\u00eanios &#8211; 12 e 19 FEV<br \/>\n<\/a><\/span><a href=\"http:\/\/www.portaliceb.org.br\/wordpress\/wp-content\/uploads\/2011\/12\/Acoisamaislindadomundo.pps\">A coisa mais linda do mundo &#8211; 26 FEV<\/a><\/p>\n<p>Em Janeiro\/2013:<\/p>\n<p><a href=\"http:\/\/www.portaliceb.org.br\/wordpress\/wp-content\/uploads\/2013\/03\/Aconchego.pps\">Aconchego<br \/>\n<\/a><a href=\"http:\/\/www.portaliceb.org.br\/wordpress\/wp-content\/uploads\/2011\/12\/sua_marca.pps\">Sua Marca<br \/>\n<\/a><a href=\"http:\/\/www.portaliceb.org.br\/wordpress\/wp-content\/uploads\/2011\/12\/Quem_faz_voce_feliz_.pps\">Quem faz voc\u00ea feliz<br \/>\n<\/a><a href=\"http:\/\/www.portaliceb.org.br\/wordpress\/wp-content\/uploads\/2011\/12\/PERFEITO.pps\">Perfeito<br \/>\n<\/a><a href=\"http:\/\/www.portaliceb.org.br\/wordpress\/wp-content\/uploads\/2011\/12\/Crystal-Chico-Xavier-Fardos1.pps\">Crystal &#8211; Chico Xavier &#8211; Fardos<\/a><\/p>\n<p>&nbsp;<\/p>\n<p>&nbsp;<\/p>\n","protected":false},"excerpt":{"rendered":"<p>:: INTERNET DO BEM &#8211; Programa\u00a0\u201cCultura Esp\u00edrita\u201d:: Fa\u00e7a download das mensagens transmitidas no programa\u00a0\u201cCultura Esp\u00edrita\u201d, R\u00e1dio Rio de Janeiro, AM, freq\u00fc\u00eancia 1400 kHz. Em maio\/2016: Dia 04: Aprender a Amar Dia 11: Mulher Dia 18: Mulheres ao deitar Dia 25: Reflex\u00f5es Em abril\/2016: Dia 06: A cultura do Slow Down Dia 13: Caminhar Dia 20: [&hellip;]<\/p>\n","protected":false},"author":1,"featured_media":0,"parent":0,"menu_order":6,"comment_status":"closed","ping_status":"closed","template":"","meta":{"footnotes":""},"class_list":["post-17","page","type-page","status-publish","hentry"],"_links":{"self":[{"href":"http:\/\/www.portaliceb.org.br\/wordpress\/index.php?rest_route=\/wp\/v2\/pages\/17","targetHints":{"allow":["GET"]}}],"collection":[{"href":"http:\/\/www.portaliceb.org.br\/wordpress\/index.php?rest_route=\/wp\/v2\/pages"}],"about":[{"href":"http:\/\/www.portaliceb.org.br\/wordpress\/index.php?rest_route=\/wp\/v2\/types\/page"}],"author":[{"embeddable":true,"href":"http:\/\/www.portaliceb.org.br\/wordpress\/index.php?rest_route=\/wp\/v2\/users\/1"}],"replies":[{"embeddable":true,"href":"http:\/\/www.portaliceb.org.br\/wordpress\/index.php?rest_route=%2Fwp%2Fv2%2Fcomments&post=17"}],"version-history":[{"count":79,"href":"http:\/\/www.portaliceb.org.br\/wordpress\/index.php?rest_route=\/wp\/v2\/pages\/17\/revisions"}],"predecessor-version":[{"id":984,"href":"http:\/\/www.portaliceb.org.br\/wordpress\/index.php?rest_route=\/wp\/v2\/pages\/17\/revisions\/984"}],"wp:attachment":[{"href":"http:\/\/www.portaliceb.org.br\/wordpress\/index.php?rest_route=%2Fwp%2Fv2%2Fmedia&parent=17"}],"curies":[{"name":"wp","href":"https:\/\/api.w.org\/{rel}","templated":true}]}}